{"id":36255,"date":"2025-05-19T14:01:21","date_gmt":"2025-05-19T12:01:21","guid":{"rendered":"https:\/\/newsocialinitiative.org\/?post_type=statement&#038;p=36255"},"modified":"2025-05-19T14:22:19","modified_gmt":"2025-05-19T12:22:19","slug":"komunikate-per-media-3","status":"publish","type":"statement","link":"https:\/\/newsocialinitiative.org\/sq\/statement\/komunikate-per-media-3\/","title":{"rendered":"Komunikat\u00eb p\u00ebr media"},"content":{"rendered":"\n<p><strong>AKUZA T\u00cb RREZIKSHME DHE T\u00cb PABAZA NDAJ OJQ AKTIV DHE SHOQ\u00cbRIS\u00cb CIVILE SERBE<\/strong><\/p>\n\n\n\n<p>Organizata joqeveritare AKTIV d\u00ebnon fuqish\u00ebm dhe hedh posht\u00eb kategorikisht deklaratat e fundit t\u00eb Guraku\u00e7 Ku\u00e7it, bashk\u00ebpun\u00ebtor i lart\u00eb i \u201cInstitutit p\u00ebr Studime t\u00eb Luft\u00ebs Hibride Oktopus\u201d, t\u00eb publikuara nga agjencia e lajmeve Kosovapress m\u00eb 18 maj 2025.<\/p>\n\n\n\n<p>Akuzat q\u00eb Ku\u00e7i i drejton ndaj OJQ AKTIV dhe organizatave t\u00eb shoq\u00ebris\u00eb civile nga veriu i Kosov\u00ebs, p\u00ebrfshir\u00eb pretendimet p\u00ebr zhvillim t\u00eb nj\u00eb &#8220;lufte hibride&#8221;, lidhje me struktura terroriste dhe p\u00ebrpjekje p\u00ebr \u201cdelegjitimim t\u00eb Policis\u00eb s\u00eb Kosov\u00ebs\u201d, jan\u00eb krejt\u00ebsisht t\u00eb pav\u00ebrteta, dashakeqe dhe t\u00eb rrezikshme. B\u00ebhet fjal\u00eb p\u00ebr shpifje t\u00eb r\u00ebnda t\u00eb q\u00ebllimshme, q\u00eb paraqesin k\u00ebrc\u00ebnim t\u00eb drejtp\u00ebrdrejt\u00eb p\u00ebr sigurin\u00eb e p\u00ebrfaq\u00ebsuesve t\u00eb shoq\u00ebris\u00eb civile n\u00eb veri t\u00eb Kosov\u00ebs, me synim t\u00eb qart\u00eb delegjitimimin e pun\u00ebs shum\u00ebvje\u00e7are t\u00eb organizatave q\u00eb trajtojn\u00eb shkelje serioze t\u00eb t\u00eb drejtave t\u00eb njeriut dhe diskriminim sistemik t\u00eb komunitetit serb.<\/p>\n\n\n\n<p>K\u00ebto akuza nuk p\u00ebrb\u00ebjn\u00eb vet\u00ebm shpifje t\u00eb r\u00ebnda dhe t\u00eb pabazuara, por edhe p\u00ebrpjekje p\u00ebr t\u00eb rrezikuar sigurin\u00eb e an\u00ebtar\u00ebve t\u00eb ekipit ton\u00eb, p\u00ebr t\u00eb d\u00ebmtuar reputacionin profesional t\u00eb organizat\u00ebs dhe p\u00ebr t\u00eb kriminalizuar pun\u00ebn legjitime dhe transparente t\u00eb shoq\u00ebris\u00eb civile serbe, si n\u00eb veri, ashtu edhe n\u00eb pjes\u00ebt tjera t\u00eb Kosov\u00ebs.<\/p>\n\n\n\n<p>Ve\u00e7an\u00ebrisht skandaloze dhe e rrezikshme \u00ebsht\u00eb pretendimi se OJQ AKTIV, pa asnj\u00eb prov\u00eb, lidhet me konfliktin e armatosur tragjik n\u00eb Banjsk\u00eb n\u00eb shtator t\u00eb vitit 2023. Nj\u00eb g\u00ebnjesht\u00ebr e till\u00eb shkel \u00e7do standard t\u00eb etik\u00ebs dhe paraqet nxitje t\u00eb drejtp\u00ebrdrejt\u00eb p\u00ebr nj\u00eb fushat\u00eb shoq\u00ebrore dhe institucionale kund\u00ebr organizat\u00ebs son\u00eb dhe aktor\u00ebve t\u00eb tjer\u00eb n\u00eb veri.<\/p>\n\n\n\n<p>Po aq e turpshme \u00ebsht\u00eb deklarata se shfaqja e d\u00ebshmive t\u00eb grave t\u00eb nacionalitetit serb, t\u00eb cilat raportojn\u00eb ngacmime dhe frik\u00ebsime t\u00eb vazhdueshme n\u00eb Mitrovic\u00ebn e Veriut, p\u00ebrb\u00ebn mb\u00ebshtetje p\u00ebr struktura paralele ose terroriste. K\u00ebto deklarata jo vet\u00ebm q\u00eb targetojn\u00eb organizatat q\u00eb merren me mbrojtjen e t\u00eb drejtave t\u00eb njeriut, por edhe minimizojn\u00eb dhe viktimizojn\u00eb m\u00eb tej grate, p\u00ebrfshir\u00eb t\u00eb miturat, q\u00eb kan\u00eb p\u00ebrjetuar ngacmime verbale dhe seksuale. Ato dekurajojn\u00eb \u00e7do p\u00ebrpjekje p\u00ebr t\u00eb adresuar mang\u00ebsit\u00eb institucionale dhe thellojn\u00eb munges\u00ebn e besimit t\u00eb grave ndaj Policis\u00eb s\u00eb Kosov\u00ebs dhe institucioneve t\u00eb tjera p\u00ebrkat\u00ebse.<\/p>\n\n\n\n<p>Akuza t\u00eb tilla nuk jan\u00eb vet\u00ebm p\u00ebrpjekje p\u00ebr diskreditim t\u00eb shoq\u00ebris\u00eb civile, por kontribuojn\u00eb drejtp\u00ebrdrejt n\u00eb krijimin e nj\u00eb atmosfere lin\u00e7imi, nxisin urrejtjen dhe dhun\u00ebn dhe p\u00ebrkeq\u00ebsojn\u00eb situat\u00ebn e siguris\u00eb, tashm\u00eb t\u00eb brisht\u00eb. N\u00eb nj\u00eb koh\u00eb kur veriu i Kosov\u00ebs p\u00ebrballet me incidente t\u00eb vazhdueshme, arrestime dhe frik\u00ebsime, kjo lloj retorike mund t\u00eb ket\u00eb pasoja t\u00eb r\u00ebnda p\u00ebr jet\u00ebn dhe sigurin\u00eb e aktivist\u00ebve q\u00eb mbrojn\u00eb t\u00eb drejtat e njeriut.<\/p>\n\n\n\n<p>Ve\u00e7an\u00ebrisht shqet\u00ebsues \u00ebsht\u00eb targetimi etnik i organizat\u00ebs son\u00eb p\u00ebrmes fyerjeve ndaj p\u00ebrb\u00ebrjes s\u00eb ekipit ton\u00eb, gj\u00eb q\u00eb p\u00ebrb\u00ebn diskriminim t\u00eb qart\u00eb dhe \u00ebsht\u00eb n\u00eb kund\u00ebrshtim me vlerat themeloret\u00eb nj\u00eb shoq\u00ebrie multietnike, t\u00eb garantuara me Kushtetut\u00ebn e Kosov\u00ebs dhe mekanizmat nd\u00ebrkomb\u00ebtar\u00eb p\u00ebr mbrojtjen e t\u00eb drejtave t\u00eb komuniteteve jo-shumic\u00eb. <\/p>\n\n\n\n<p>P\u00ebr m\u00eb tep\u00ebr, k\u00ebto akuza p\u00ebrdoren si mjet p\u00ebr t\u00eb shmangur v\u00ebmendjen nga problemet reale dhe serioze me t\u00eb cilat p\u00ebrballet komuniteti serb n\u00eb Kosov\u00eb dhe p\u00ebr t\u00eb diskredituar shqet\u00ebsimet legjitime t\u00eb qytetar\u00ebve t\u00eb tij. OJQ AKTIV e sheh k\u00ebt\u00eb sulm si t\u00eb drejtuar jo vet\u00ebm kund\u00ebr integritetit t\u00eb saj, por edhe kund\u00ebr gjith\u00eb shoq\u00ebris\u00eb civile.<\/p>\n\n\n\n<p>Theksojm\u00eb gjithashtu se agjencia Kosovapress nuk ka kontaktuar OJQ AKTIV p\u00ebr t\u00eb k\u00ebrkuar koment ose sqarim, e as p\u00ebr t\u00eb verifikuar faktet lidhur me akuzat serioze t\u00eb publikuara. Me k\u00ebt\u00eb rast jan\u00eb shkelur r\u00ebnd\u00eb parimet e gazetaris\u00eb profesionale, p\u00ebrfshir\u00eb dispozitat e Kodit t\u00eb Mediave t\u00eb Shkruara t\u00eb Kosov\u00ebs dhe Kodit t\u00eb Sjelljes s\u00eb Komisionit t\u00eb Pavarur p\u00ebr Media (KPM).<\/p>\n\n\n\n<p>N\u00eb k\u00ebt\u00eb kontekst, OJQ AKTIV k\u00ebrkon q\u00eb:<\/p>\n\n\n\n<p>\u2022 Guraku\u00e7 Ku\u00e7i dhe organizata \u201cOktopus\u201d t\u00eb k\u00ebrkojn\u00eb falje publike p\u00ebr deklaratat e pav\u00ebrteta, dashakeqe dhe t\u00eb rrezikshme ndaj OJQ AKTIV dhe organizatave t\u00eb tjera t\u00eb shoq\u00ebris\u00eb civile. Kjo falje duhet t\u2019i d\u00ebrgohet agjencis\u00eb Kosovapress dhe mediave t\u00eb tjera q\u00eb i kan\u00eb publikuar ose mund t\u2019i publikojn\u00eb k\u00ebto pretendime;<\/p>\n\n\n\n<p>\u2022 Portali Kosovapress t\u00eb heq\u00eb menj\u00ebher\u00eb deklarat\u00ebn nga platforma e tij dhe t\u00eb publikoj\u00eb nj\u00eb k\u00ebrkim falje publik, n\u00eb p\u00ebrputhje me standardet e gazetaris\u00eb s\u00eb p\u00ebrgjegjshme;<\/p>\n\n\n\n<p>\u2022 Mediet q\u00eb raportojn\u00eb n\u00eb gjuh\u00ebn shqipe n\u00eb Kosov\u00eb t\u00eb publikojn\u00eb k\u00ebt\u00eb deklarat\u00eb dhe t\u00eb tregojn\u00eb p\u00ebrkushtim ndaj gazetaris\u00eb s\u00eb v\u00ebrtet\u00eb dhe t\u00eb pavarur, duke mbrojtur integritetin e tyre profesional dhe hap\u00ebsir\u00ebn p\u00ebr informim t\u00eb paansh\u00ebm;<\/p>\n\n\n\n<p>\u2022 Bashk\u00ebsia nd\u00ebrkomb\u00ebtare t\u00eb reagoj\u00eb urgjentisht dhe t\u00eb d\u00ebnoj\u00eb publikisht sulmet e tilla ndaj shoq\u00ebris\u00eb civile, t\u00eb cilat po b\u00ebhen gjithnj\u00eb m\u00eb t\u00eb shpeshta dhe po vijn\u00eb nga individ\u00eb dhe organizata t\u00eb pap\u00ebrgjegjshme. K\u00ebto sulme p\u00ebrb\u00ebjn\u00eb nj\u00eb k\u00ebrc\u00ebnim serioz p\u00ebr lirin\u00eb e veprimit t\u00eb organizatave joqeveritare dhe e kufizojn\u00eb m\u00eb tej hap\u00ebsir\u00ebn tashm\u00eb t\u00eb ngusht\u00eb t\u00eb veprimit t\u00eb sektorit civil n\u00eb Kosov\u00eb.<\/p>\n\n\n\n<p>OJQ AKTIV mbetet e p\u00ebrkushtuar ndaj mbrojtjes s\u00eb t\u00eb drejtave t\u00eb njeriut, nd\u00ebrtimit t\u00eb nj\u00eb shoq\u00ebrie demokratike dhe p\u00ebrmir\u00ebsimit t\u00eb pozit\u00ebs s\u00eb komuniteteve jo-shumic\u00eb. Nuk do t\u00eb lejojm\u00eb kriminalizimin e pun\u00ebs son\u00eb, dhe nuk do t\u00eb heshtim p\u00ebrball\u00eb p\u00ebrpjekjeve p\u00ebr frik\u00ebsim dhe delegjitimim t\u00eb organizatave q\u00eb veprojn\u00eb n\u00eb t\u00eb mir\u00eb t\u00eb t\u00eb gjith\u00eb qytetar\u00ebve t\u00eb Kosov\u00ebs.<\/p>\n\n\n\n<p>Organizatat n\u00eb vijim q\u00ebndrojn\u00eb s\u00eb bashku pas k\u00ebsaj deklarate:<\/p>\n\n\n\n<p>OJQ Aktiv<\/p>\n\n\n\n<p>Iniciativa e Re Shoq\u00ebrore (NSI)<\/p>\n\n\n\n<p>Qendra p\u00ebr Veprim Shoq\u00ebror Afirmativ (CASA)<\/p>\n\n\n\n<p>Instituti p\u00ebr Zhvillim Ekonomik Territorial (InTER)<\/p>\n\n\n\n<p>Qendra p\u00ebr Avokimin e Kultur\u00ebs Demokratike (ACDC)<\/p>\n\n\n\n<p>Gracanica Online<\/p>\n\n\n\n<p>UPZH Avenija<\/p>\n\n\n\n<p>Komunikimi p\u00ebr Zhvillim Shoq\u00ebror (CSD)<\/p>\n\n\n\n<p>Qendra p\u00ebr Iniciativa Sociale (CSI)<\/p>\n\n\n\n<p>Qendra Humane Mitrovica (HCM)<\/p>\n\n\n\n<p>Qendra p\u00ebr Paqe dhe Toleranc\u00eb (CPT)<\/p>\n\n\n\n<p>Forumi p\u00ebr Zhvillim dhe Bashk\u00ebpunim Multietnik (FDMC)<\/p>\n\n\n\n<p>Grupi Ekspert\u00ebsh p\u00ebr Mjedisin dhe Mjek\u00ebsin\u00eb (EMEG)<\/p>\n","protected":false},"excerpt":{"rendered":"<p>AKUZA T\u00cb RREZIKSHME DHE T\u00cb PABAZA NDAJ OJQ AKTIV DHE SHOQ\u00cbRIS\u00cb CIVILE SERBE Organizata joqeveritare AKTIV d\u00ebnon fuqish\u00ebm dhe hedh posht\u00eb kategorikisht deklaratat e fundit t\u00eb Guraku\u00e7 Ku\u00e7it, bashk\u00ebpun\u00ebtor i lart\u00eb i \u201cInstitutit p\u00ebr Studime t\u00eb Luft\u00ebs Hibride Oktopus\u201d, t\u00eb publikuara nga agjencia e lajmeve&#8230;<\/p>\n","protected":false},"author":6,"featured_media":36176,"parent":0,"comment_status":"open","ping_status":"closed","template":"","meta":{"_links_to":"","_links_to_target":""},"categories":[],"class_list":["post-36255","statement","type-statement","status-publish","has-post-thumbnail","hentry"],"acf":[],"_links":{"self":[{"href":"https:\/\/newsocialinitiative.org\/sq\/wp-json\/wp\/v2\/statement\/36255","targetHints":{"allow":["GET"]}}],"collection":[{"href":"https:\/\/newsocialinitiative.org\/sq\/wp-json\/wp\/v2\/statement"}],"about":[{"href":"https:\/\/newsocialinitiative.org\/sq\/wp-json\/wp\/v2\/types\/statement"}],"author":[{"embeddable":true,"href":"https:\/\/newsocialinitiative.org\/sq\/wp-json\/wp\/v2\/users\/6"}],"replies":[{"embeddable":true,"href":"https:\/\/newsocialinitiative.org\/sq\/wp-json\/wp\/v2\/comments?post=36255"}],"version-history":[{"count":1,"href":"https:\/\/newsocialinitiative.org\/sq\/wp-json\/wp\/v2\/statement\/36255\/revisions"}],"predecessor-version":[{"id":36256,"href":"https:\/\/newsocialinitiative.org\/sq\/wp-json\/wp\/v2\/statement\/36255\/revisions\/36256"}],"wp:featuredmedia":[{"embeddable":true,"href":"https:\/\/newsocialinitiative.org\/sq\/wp-json\/wp\/v2\/media\/36176"}],"wp:attachment":[{"href":"https:\/\/newsocialinitiative.org\/sq\/wp-json\/wp\/v2\/media?parent=36255"}],"wp:term":[{"taxonomy":"category","embeddable":true,"href":"https:\/\/newsocialinitiative.org\/sq\/wp-json\/wp\/v2\/categories?post=36255"}],"curies":[{"name":"wp","href":"https:\/\/api.w.org\/{rel}","templated":true}]}}