{"id":34888,"date":"2024-10-03T14:19:44","date_gmt":"2024-10-03T12:19:44","guid":{"rendered":"https:\/\/newsocialinitiative.org\/?post_type=statement&#038;p=34888"},"modified":"2024-10-03T14:20:57","modified_gmt":"2024-10-03T12:20:57","slug":"reagim-2","status":"publish","type":"statement","link":"https:\/\/newsocialinitiative.org\/sq\/statement\/reagim-2\/","title":{"rendered":"REAGIM"},"content":{"rendered":"\n<p>Deklaratat e fundit t\u00eb deputet\u00ebve Eman Rrahmani dhe Visar Korenica, lidhur me largimin e tyre nga L\u00ebvizja Vet\u00ebvendosje dhe kund\u00ebrshtimin e tyre publik ndaj Draft Kodit Civil, paraqesin nj\u00eb hap t\u00eb rreziksh\u00ebm n\u00eb luft\u00ebn p\u00ebr barazi dhe t\u00eb drejta t\u00eb njeriut n\u00eb Kosov\u00eb. Si organizata t\u00eb p\u00ebrkushtuara p\u00ebr t\u00eb mbrojtur t\u00eb drejtat e njeriut, ne i d\u00ebnojm\u00eb fuqish\u00ebm k\u00ebto deklarata, t\u00eb cilat shtremb\u00ebrojn\u00eb vlerat e p\u00ebrcaktuara n\u00eb Kushtetut\u00ebn e Republik\u00ebs s\u00eb Kosov\u00ebs duke promovuar diskriminim dhe pabarazi.<\/p>\n\n\n\n<p>Kushtetuta e Republik\u00ebs s\u00eb Kosov\u00ebs garanton t\u00eb drejta t\u00eb barabarta p\u00ebr t\u00eb gjith\u00eb qytetar\u00ebt, pavar\u00ebsisht nga gjinia, seksi, orientimi seksual, mosha etj.<\/p>\n\n\n\n<p>Retorika e p\u00ebrdorur nga k\u00ebta deputet\u00eb dhe aktivist\u00eb politik q\u00eb pretendojn\u00eb se disa ligje, p\u00ebrfshir\u00eb ato q\u00eb mb\u00ebshtesin t\u00eb drejtat e grave, t\u00eb f\u00ebmij\u00ebve, t\u00eb drejtat e personave LGBTIQ+, jan\u00eb &#8220;t\u00eb papranueshme p\u00ebr vendet evropiane&#8221; \u00ebsht\u00eb jo vet\u00ebm e pasakt\u00eb, por edhe nxitje e urrejtjes, mosdurim dhe n\u00eb kund\u00ebrshtim me vlerat e t\u00eb drejtave t\u00eb njeriut dhe barazis\u00eb q\u00eb Kosova \u00ebsht\u00eb zotuar se do t\u2019i garantoj duke i integruar konventat nd\u00ebrkomb\u00ebtare q\u00eb mbrojn\u00eb t\u00eb drejtat e njeriut n\u00eb Kushtetut\u00ebn e saj.<\/p>\n\n\n\n<p>Kosova duhet t\u00eb vazhdoj\u00eb t\u00eb nd\u00ebrtoj\u00eb nj\u00eb shoq\u00ebri q\u00eb respekton t\u00eb drejtat e t\u00eb gjith\u00eb qytetar\u00ebve t\u00eb saj, pavar\u00ebsisht nga gjinia, seksi, mosha, orientimi i tyre seksual, identiteti gjinor etj. Mbrojtja e t\u00eb drejtave t\u00eb grupeve t\u00eb cenueshme \u00ebsht\u00eb n\u00eb p\u00ebrputhje me standardet evropiane t\u00eb t\u00eb drejtave t\u00eb njeriut, t\u00eb cilat Kosova i ka p\u00ebrqafuar si pjes\u00eb e rrug\u00ebs s\u00eb saj drejt integrimit evropian. Garantimi i k\u00ebtyre t\u00eb drejtave \u00ebsht\u00eb shenj\u00eb e progresit dhe gjith\u00ebp\u00ebrfshirjes, e jo e regresit dhe p\u00ebr\u00e7arjes.<\/p>\n\n\n\n<p>T\u00eb drejtat e njeriut nuk jan\u00eb t\u00eb negociueshme.&nbsp;<\/p>\n\n\n\n<p>U b\u00ebjm\u00eb thirrje t\u00eb gjith\u00eb partive politike, Komisionit Qendror Zgjedhor, organizatave t\u00eb shoq\u00ebris\u00eb civile, mediave dhe institucioneve kompetente q\u00eb t\u00eb q\u00ebndrojn\u00eb n\u00eb detyr\u00ebn e tyre kushtetuese dhe ligjore n\u00eb mbrojtje t\u00eb vlerave t\u00eb Kushtetut\u00ebs s\u00eb Kosov\u00ebs. U b\u00ebjm\u00eb thirrje k\u00ebtyre akter\u00ebve q\u00eb t\u00eb refuzojn\u00eb retorik\u00ebn p\u00ebr\u00e7ar\u00ebse q\u00eb synon t\u00eb margjinalizoj\u00eb personat grupet e cenueshme dhe t\u00eb minoj\u00eb vlerat kushtetuese t\u00eb barazis\u00eb dhe drejt\u00ebsis\u00eb.<\/p>\n\n\n\n<ol class=\"wp-block-list\">\n<li>Nisma e t\u00eb Rinjve p\u00ebr t\u00eb Drejtat e Njeriut &#8211; Kosov\u00eb (YIHR KS)\u00a0<\/li>\n\n\n\n<li>Qendra p\u00ebr Zhvillimin e Grupeve Shoq\u00ebrore (CSGD)\u00a0<\/li>\n\n\n\n<li>Qendra p\u00ebr Barazi dhe Liri (CEL Kosova)<\/li>\n\n\n\n<li>Qendra Kosovare p\u00ebr Studime Gjinore (QKSGJ)<\/li>\n\n\n\n<li>Civil Rights Defenders<\/li>\n\n\n\n<li>Instituti Sehkmet\u00a0<\/li>\n\n\n\n<li>QIKA\u00a0<\/li>\n\n\n\n<li>Partners Kosova Center for Conflict Management (Partners K)<\/li>\n\n\n\n<li>Iniciativa p\u00ebr Progres (INPO)<\/li>\n\n\n\n<li>Community Building Mitrovica<\/li>\n\n\n\n<li>Hyjneshat\u00a0<\/li>\n\n\n\n<li>OJQ THY<\/li>\n\n\n\n<li>ORCA\u00a0<\/li>\n\n\n\n<li>Anibar<\/li>\n\n\n\n<li>Bubble Foundation\u00a0<\/li>\n\n\n\n<li>Integra\u00a0<\/li>\n\n\n\n<li>Roma Versitas Kosovo (RVK)<\/li>\n\n\n\n<li>Kosovo Law Institute (KLI)<\/li>\n\n\n\n<li>Voice of Roma, Ashkali and Egyptian (VoRAE)<\/li>\n\n\n\n<li>Fourth Wave<\/li>\n\n\n\n<li>Dylberizm<\/li>\n\n\n\n<li>DokuFest<\/li>\n\n\n\n<li>Levizja FOL<\/li>\n\n\n\n<li>QKSS<\/li>\n\n\n\n<li>Forumi Kosovar i Aft\u00ebsis\u00eb s\u00eb Kufizuar\u00a0<\/li>\n\n\n\n<li>KIPRED<\/li>\n\n\n\n<li>CDF<\/li>\n\n\n\n<li>Artpolis<\/li>\n\n\n\n<li>Fondi p\u00ebr t\u00eb Drejt\u00ebn Humanitare Kosov\u00eb<\/li>\n\n\n\n<li>KCSF<\/li>\n\n\n\n<li>RrGK<\/li>\n\n\n\n<li>Democracy Plus (D+)<\/li>\n\n\n\n<li>PIPS<\/li>\n\n\n\n<li>New Social Initative (NSI)<\/li>\n\n\n\n<li>ATRC<\/li>\n\n\n\n<li>Instituti p\u00ebr Politika Sociale<\/li>\n\n\n\n<li>QKRMT<\/li>\n\n\n\n<li>KYC\u00a0<\/li>\n\n\n\n<li>HANDIKOS<\/li>\n<\/ol>\n","protected":false},"excerpt":{"rendered":"<p>Deklaratat e fundit t\u00eb deputet\u00ebve Eman Rrahmani dhe Visar Korenica, lidhur me largimin e tyre nga L\u00ebvizja Vet\u00ebvendosje dhe kund\u00ebrshtimin e tyre publik ndaj Draft Kodit Civil, paraqesin nj\u00eb hap t\u00eb rreziksh\u00ebm n\u00eb luft\u00ebn p\u00ebr barazi dhe t\u00eb drejta t\u00eb njeriut n\u00eb Kosov\u00eb. Si organizata&#8230;<\/p>\n","protected":false},"author":3,"featured_media":33316,"parent":0,"comment_status":"open","ping_status":"closed","template":"","meta":{"_links_to":"","_links_to_target":""},"categories":[],"class_list":["post-34888","statement","type-statement","status-publish","has-post-thumbnail","hentry"],"acf":[],"_links":{"self":[{"href":"https:\/\/newsocialinitiative.org\/sq\/wp-json\/wp\/v2\/statement\/34888","targetHints":{"allow":["GET"]}}],"collection":[{"href":"https:\/\/newsocialinitiative.org\/sq\/wp-json\/wp\/v2\/statement"}],"about":[{"href":"https:\/\/newsocialinitiative.org\/sq\/wp-json\/wp\/v2\/types\/statement"}],"author":[{"embeddable":true,"href":"https:\/\/newsocialinitiative.org\/sq\/wp-json\/wp\/v2\/users\/3"}],"replies":[{"embeddable":true,"href":"https:\/\/newsocialinitiative.org\/sq\/wp-json\/wp\/v2\/comments?post=34888"}],"version-history":[{"count":1,"href":"https:\/\/newsocialinitiative.org\/sq\/wp-json\/wp\/v2\/statement\/34888\/revisions"}],"predecessor-version":[{"id":34889,"href":"https:\/\/newsocialinitiative.org\/sq\/wp-json\/wp\/v2\/statement\/34888\/revisions\/34889"}],"wp:featuredmedia":[{"embeddable":true,"href":"https:\/\/newsocialinitiative.org\/sq\/wp-json\/wp\/v2\/media\/33316"}],"wp:attachment":[{"href":"https:\/\/newsocialinitiative.org\/sq\/wp-json\/wp\/v2\/media?parent=34888"}],"wp:term":[{"taxonomy":"category","embeddable":true,"href":"https:\/\/newsocialinitiative.org\/sq\/wp-json\/wp\/v2\/categories?post=34888"}],"curies":[{"name":"wp","href":"https:\/\/api.w.org\/{rel}","templated":true}]}}