{"id":32015,"date":"2023-06-03T15:39:26","date_gmt":"2023-06-03T13:39:26","guid":{"rendered":"https:\/\/newsocialinitiative.org\/?post_type=statement&#038;p=32015"},"modified":"2023-06-19T12:19:03","modified_gmt":"2023-06-19T10:19:03","slug":"apel-per-paqe","status":"publish","type":"statement","link":"https:\/\/newsocialinitiative.org\/sq\/statement\/apel-per-paqe\/","title":{"rendered":"APEL P\u00cbR PAQE\u00a0"},"content":{"rendered":"\n<h2 class=\"wp-block-heading\">APEL P\u00cbR PAQE\u00a0<\/h2>\n\n\n\n<p>T\u00eb brengosur thell\u00eb p\u00ebr veprimet represive dhe agresive t\u00eb Qeveris\u00eb s\u00eb Kosov\u00ebs dhe sjelljen e forcave speciale t\u00eb policis\u00eb n\u00eb veri t\u00eb Kosov\u00ebs, t\u00eb cilat mund t\u00eb eskalojn\u00eb deri n\u00eb pasoja t\u00eb paparashikueshme p\u00ebr paqen dhe sigurin\u00eb e qytetar\u00ebve dhe t\u00eb cenojn\u00eb mund\u00ebsin\u00eb e pajtimit dhe bashk\u00ebjetes\u00ebn mes shqiptar\u00ebve dhe serb\u00ebve n\u00eb k\u00ebto treva;&nbsp;<\/p>\n\n\n\n<p>Duke d\u00ebnuar \u00e7do lloj t\u00eb dhun\u00ebs ndaj qytetar\u00ebve, gazetar\u00ebve dhe pjes\u00ebtar\u00ebve t\u00eb forcave t\u00eb siguris\u00eb n\u00eb ngjarjet e fundit, dhe duke theksuar se problemet politike nuk mund dhe nuk guxohet t\u00eb zgjidhen p\u00ebrmes veprimeve policore por me dialog konstruktiv n\u00eb tryez\u00ebn e bisedimeve;<\/p>\n\n\n\n<p>T\u00eb m\u00ebsuar nga leksionet p\u00ebrgjat\u00eb historis\u00eb q\u00eb aparati institucional n\u00ebn kontrollin e nj\u00eb komuniteti etnik nuk mund dhe nuk duhet t\u00eb udh\u00ebheq\u00eb jet\u00ebn e komuniteteve t\u00eb tjera etnike sepse demokracia n\u00eb shoq\u00ebrit\u00eb post-konfliktuale shumetnike n\u00ebnkupton ndarjen e pushtetit dhe t\u00eb p\u00ebrgjegj\u00ebsis\u00eb, si dhe respektimin e t\u00eb drejtave dhe lirive t\u00eb njeriut, e assesi sjelljen agresive t\u00eb organeve t\u00eb siguris\u00eb dhe pushtetit publik t\u00eb shumic\u00ebs ndaj pakicave;<\/p>\n\n\n\n<p>Duke theksuar se bashk\u00ebjetesa mes shqiptar\u00ebve dhe serb\u00ebve mund t\u00eb nd\u00ebrtohet vet\u00ebm mbi marr\u00ebdh\u00ebniet e mir\u00ebbesimit dhe respektimit t\u00eb nd\u00ebrsjell\u00eb, e jo mbi represion, dhun\u00eb e dehumanizim t\u00eb cilave populli serb po u n\u00ebnshtrohet \u00e7do dit\u00eb, si p\u00ebrmes deklaratave t\u00eb zyrtar\u00ebve m\u00eb t\u00eb lart\u00eb, ashtu edhe p\u00ebrmes raportimeve t\u00eb nj\u00eb pjese t\u00eb mediave dhe fushatave negative n\u00eb mediat sociale;&nbsp;&nbsp;<\/p>\n\n\n\n<p>Duke apeluar q\u00eb serb\u00ebt n\u00eb Kosov\u00eb, si komunitet por edhe pjes\u00ebtar\u00ebt e tij, \u00e7do dit\u00eb po i n\u00ebnshtrohen p\u00ebrpjekjeve p\u00ebr delegjitimim, dehumanizim, etiketim dhe kriminalizim n\u00eb paraqitjet publike t\u00eb zyrtar\u00ebve t\u00eb qeveris\u00eb, por edhe n\u00eb takimet me p\u00ebrfaq\u00ebsuesit nd\u00ebrkomb\u00ebtar\u00eb, duke i paraqitur q\u00ebndrimet legjitime t\u00eb komunitetit serb n\u00eb Kosov\u00eb si t\u00eb instrumentalizuara nga ana e qeveris\u00eb s\u00eb Serbis\u00eb me t\u00eb cilat d\u00ebshirojn\u00eb t\u00eb v\u00ebn\u00eb n\u00eb lajthim partner\u00ebt nd\u00ebrkomb\u00ebtar\u00eb dhe publikun.&nbsp;<\/p>\n\n\n\n<p>Duke theksuar se demokracia nuk nd\u00ebrtohet me zgjedhje n\u00eb kontejner\u00eb, dhe me bart\u00ebs t\u00eb funksioneve publike q\u00eb nuk kan\u00eb legjitimitet n\u00eb popull, por q\u00eb kan\u00eb p\u00ebr synim q\u00eb me fuqin\u00eb e arm\u00ebve dhe represionit policor t\u00eb qeverisin qytetar\u00ebt e nj\u00eb komuniteti tjet\u00ebr etnik;&nbsp;<\/p>\n\n\n\n<p>Duke n\u00ebnvizuar se qeverisja e mir\u00eb dhe sundimi i ligjit nuk jan\u00eb e nj\u00ebjta gj\u00eb \u2013 derisa n\u00eb pyetjen p\u00ebr sundimin&nbsp; e ligjit mund t\u00eb p\u00ebrgjigjet edhe inteligjenca artificiale, qeverisja e mir\u00eb \u00ebsht\u00eb nj\u00eb proces shum\u00eb m\u00eb i nd\u00ebrlikuar, m\u00eb delikat i cili k\u00ebrkon talent p\u00ebr lidership;&nbsp;<\/p>\n\n\n\n<p>Duke par\u00eb q\u00eb qeveria e Kosov\u00ebs dhe institucionet e saj i shkelin \u00e7do dit\u00eb t\u00eb drejtat e popullit serb t\u00eb garantuara me Kushtetut\u00eb, nuk i zbatojn\u00eb vendimet e Gjykat\u00ebs Kushtetuese e as obligimet e marra nga procesi i dialogut me Serbin\u00eb;&nbsp;<\/p>\n\n\n\n<p>T\u00eb vendosur p\u00ebr t\u00eb q\u00ebndruar dhe jetuar me dinjitet n\u00eb k\u00ebtohap\u00ebsirat, n\u00eb bashk\u00ebjetes\u00eb dhe respekt t\u00eb nd\u00ebrsjell\u00eb me shqiptar\u00ebt dhe komunitetet e tjera etnike, por edhe krenar p\u00ebr veten, historin\u00eb ton\u00eb, kish\u00ebn, trash\u00ebgimin\u00eb kulturore dhe fetare;<\/p>\n\n\n\n<p>Duke dashur t\u00eb besojm\u00eb n\u00eb sinqeritetin e fjal\u00ebve t\u00eb p\u00ebrfaq\u00ebsuesve t\u00eb bashk\u00ebsis\u00eb nd\u00ebrkomb\u00ebtare, ve\u00e7an\u00ebrisht t\u00eb atyre t\u00eb Bashkimit Evropian dhe vendeve t\u00eb Kuintit t\u00eb cilat e kan\u00eb shprehur mb\u00ebshtetjen p\u00ebr multietnicitet dhe bashk\u00ebjetes\u00eb paq\u00ebsore mes komuniteteve etnike n\u00eb Kosov\u00eb;<\/p>\n\n\n\n<p>Ne, p\u00ebrfaq\u00ebsuesit e komunitetit serb\u00eb nga t\u00eb gjitha an\u00ebt e Kosov\u00ebs, t\u00eb n\u00ebnshkruar m\u00eb posht\u00eb, jemi unik n\u00eb k\u00ebrkesat e paraqitura t\u00eb cilat ua drejtojm\u00eb p\u00ebrfaq\u00ebsuesve t\u00eb Bashkimit Evropian, Shteteve t\u00eb Bashkuara t\u00eb Amerik\u00ebs, Gjermanis\u00eb, Franc\u00ebs, Italis\u00eb dhe Britanis\u00eb s\u00eb Madhe sepse besojm\u00eb q\u00eb vet\u00ebm ata mund ta ruajn\u00eb paqen n\u00eb Kosov\u00eb dhe t\u00eb ushtrojn\u00eb presion vendimtar n\u00eb Qeverin\u00eb e Albin Kurtit p\u00ebr t\u00eb zbatuar masat e paraqitura m\u00eb posht\u00eb t\u00eb cilat jan\u00eb t\u00eb domosdoshme n\u00eb m\u00ebnyr\u00eb q\u00eb t\u00eb ruhet paqja dhe p\u00ebr t\u2019u krijuar kushtet p\u00ebr zbatimin e Marr\u00ebveshjes s\u00eb n\u00ebnshkruar rishtazi p\u00ebr normalizim:<\/p>\n\n\n\n<ul class=\"wp-block-list\">\n<li>T\u00ebrheqja e t\u00eb gjitha nj\u00ebsive speciale t\u00eb policis\u00eb nga veriu i Kosov\u00ebs sepse prania e tyre \u00ebsht\u00eb n\u00eb kund\u00ebrshtim me nenet 128 dhe 61 t\u00eb Kushtetut\u00ebs s\u00eb Kosov\u00ebs dhe Pik\u00ebn 9 t\u00eb Marr\u00ebveshjes s\u00eb Brukselit t\u00eb vitit 2013. Sjellja e k\u00ebtyre polic\u00ebve nxit frik\u00eb dhe shqet\u00ebsim n\u00eb mesin e banor\u00ebve lokal dhe p\u00ebrb\u00ebn k\u00ebrc\u00ebnim p\u00ebr paqen, nd\u00ebrsa mungesa e reagimit ndaj dislokimit joligjor t\u00eb tyre n\u00eb veri t\u00eb Kosov\u00ebs, ndaj marrjes me dhun\u00eb dhe t\u00eb kund\u00ebrligjshme t\u00eb tok\u00ebs, ka d\u00ebrguar mesazh t\u00eb gabuar q\u00eb lejohet militarizimi i k\u00ebsaj hap\u00ebsire;&nbsp;<\/li>\n<\/ul>\n\n\n\n<ul class=\"wp-block-list\">\n<li>Largimi nga nd\u00ebrtesat komunale dhe objektet tjera publike t\u00eb qendrave administrative n\u00eb veri t\u00eb Kosov\u00ebs i p\u00ebrfaq\u00ebsuesve politik\u00eb t\u00eb shqiptar\u00ebve t\u00eb Kosov\u00ebs t\u00eb cil\u00ebt nuk kan\u00eb legjitimitet demokratik p\u00ebr t\u00eb p\u00ebrfaq\u00ebsuar komunitetet lokale n\u00eb ato mjedise, dhe sigurimi i qasjes s\u00eb papenguar p\u00ebr zyrtar\u00ebt ekzistues t\u00eb administrat\u00ebs lokale n\u00eb zyrat e tyre deri n\u00eb organizimin e zgjedhjeve t\u00eb reja;&nbsp;&nbsp;<\/li>\n<\/ul>\n\n\n\n<ul class=\"wp-block-list\">\n<li>Dislokimi i nj\u00ebsive t\u00eb KFOR-it dhe EULEX-it n\u00eb veri t\u00eb Kosov\u00ebs me q\u00ebllim t\u00eb ruajtjes s\u00eb paqes deri n\u00eb momentin e kthimit t\u00eb pakusht t\u00eb serb\u00ebve lokal n\u00eb polici, q\u00eb duhet t\u00eb p\u00ebrfshij\u00eb edhe garanci t\u00eb fuqishme p\u00ebr respektimin e autorizimeve specifike t\u00eb Drejtoris\u00eb Rajonale t\u00eb Policis\u00eb \u2013 Veri t\u00eb cilat jan\u00eb t\u00eb p\u00ebrkufizuara me Marr\u00ebveshjen e Brukselit e t\u00eb cilat jan\u00eb shfuqizuar me vendime t\u00eb qeveris\u00eb s\u00eb Kosov\u00ebs n\u00eb fund t\u00eb vitit<\/li>\n<\/ul>\n\n\n\n<p>2021;<\/p>\n\n\n\n<ul class=\"wp-block-list\">\n<li>Zbatimi i nenit 7 t\u00eb Marr\u00ebveshjes p\u00ebr normalizim me t\u00eb cilin garantohet e drejta p\u00ebr vet\u00eb-menaxhim n\u00eb komunitetet serbe n\u00eb Kosov\u00eb dhe formalizimin e statusit t\u00eb Kish\u00ebs ortodokse serbe;<\/li>\n<\/ul>\n\n\n\n<ul class=\"wp-block-list\">\n<li>Formimi i Bashk\u00ebsis\u00eb s\u00eb komunave me shumic\u00eb serbe n\u00eb p\u00ebrputhje me Marr\u00ebveshjen e Brukselit t\u00eb vitit 2013 dhe Parimet e p\u00ebrgjithshme p\u00ebr formimin e Bashk\u00ebsis\u00eb s\u00eb komunave me shumic\u00eb serbe t\u00eb vitit 2015;&nbsp;<\/li>\n<\/ul>\n\n\n\n<ul class=\"wp-block-list\">\n<li>Pas p\u00ebrshtatjes s\u00eb kuadrit ligjor me q\u00ebllim t\u00eb formimit t\u00eb Bashk\u00ebsis\u00eb, t\u00eb organizohen zgjedhjet demokratike n\u00eb komunat n\u00eb veri t\u00eb Kosov\u00ebs dhe t\u00eb krijohen kushtet p\u00ebr kthim t\u00eb papenguesh\u00ebm dhe t\u00eb pakusht t\u00eb serb\u00ebve n\u00eb institucione;&nbsp;<\/li>\n<\/ul>\n\n\n\n<ul class=\"wp-block-list\">\n<li>Zbatimi i vendimit t\u00eb Gjykat\u00ebs Kushtetuese t\u00eb majit t\u00eb vitit 2016 me t\u00eb cilin v\u00ebrtetohet pron\u00ebsia e manastirit t\u00eb De\u00e7anit mbi 24 hektar\u00ebve t\u00eb tok\u00ebs;<\/li>\n<\/ul>\n\n\n\n<ul class=\"wp-block-list\">\n<li>Zgjidhja e rasteve t\u00eb sulmeve ndaj serb\u00ebve dhe pron\u00ebs s\u00eb tyre, p\u00ebrfshir\u00eb shpron\u00ebsimin e kund\u00ebrligjsh\u00ebm t\u00eb tok\u00ebs, incidentet e fundit n\u00eb t\u00eb cilat \u00ebsht\u00eb p\u00ebrdorur arma e zjarrit nga pjes\u00ebtari i sh\u00ebrbimit t\u00eb siguris\u00eb s\u00eb Kosov\u00ebs, si dhe forcimi i masave t\u00eb siguris\u00eb n\u00eb mjediset serbe n\u00eb Kosov\u00eb;&nbsp;<\/li>\n<\/ul>\n\n\n\n<ul class=\"wp-block-list\">\n<li>Nd\u00ebrprerja e demonizimit t\u00eb popullit serb n\u00eb paraqitjet publike t\u00eb Presidentes s\u00eb Kosov\u00ebs, Kryeministrit t\u00eb Kosov\u00ebs dhe zyrtar\u00ebve t\u00eb tjer\u00eb t\u00eb qeveris\u00eb nga radh\u00ebt e komunitetit shqiptar.<\/li>\n<\/ul>\n\n\n\n<p>Ju t\u00eb cil\u00ebt e keni njohur pavar\u00ebsin\u00eb e Kosov\u00ebs me premtimin q\u00eb do t\u00eb nd\u00ebrtohet nj\u00eb shoq\u00ebri multietnike dhe demokratike, dhe t\u00eb cil\u00ebt p\u00ebr vite me radh\u00eb keni punuar n\u00eb afirmimin e pavar\u00ebsis\u00eb s\u00eb saj, keni obligim historik dhe moral ndaj fatit t\u00eb popullit serb q\u00eb jeton n\u00eb k\u00ebto hap\u00ebsira. E ardhmja jon\u00eb varet nga vendosm\u00ebria juaj, nga shpejt\u00ebsia e veprimit tuaj varet ruajtja e paqes n\u00eb Kosov\u00eb. Historia do t\u2019i mbaj\u00eb mend veprimet tuaja t\u00eb ardhshme, b\u00ebhuni t\u00eb p\u00ebrgjegjsh\u00ebm ndaj vlerave t\u00eb demokracis\u00eb n\u00eb shoq\u00ebrit\u00eb e polarizuara multietnike n\u00eb t\u00eb cilat q\u00ebndron civilizimi per\u00ebndimor.&nbsp;<\/p>\n\n\n\n<p>T\u00eb n\u00ebnshkruarit:<\/p>\n\n\n\n<ol class=\"wp-block-list\" type=\"1\">\n<li>Dragisha Mija\u00e7iq \/ InTER \/ Zubin Potok<\/li>\n\n\n\n<li>Jovana Radosavleviq \/ Iniciativa e Re Sociale \/ Leposaviq<\/li>\n\n\n\n<li>Millica Andriq Rakiq \/ Iniciativa e Re Sociale \/ Zubin Potok<\/li>\n\n\n\n<li>Miodrag Milliqeviq \/ Aktiv \/ Mitrovica e Veriut<\/li>\n\n\n\n<li>Dushan Radakoviq \/ ACDC \/ Mitrovica e Veriut<\/li>\n\n\n\n<li>Arkimandrit Sava Janiq \/ igumeni i Manastirit Visoki De\u00e7ani \/ De\u00e7an<\/li>\n\n\n\n<li>Mirosllav Ivanoviq \/ gjyqtar n\u00eb pension \/ Mitrovica e Veriut<\/li>\n\n\n\n<li>Nenad Todoroviq\/ regjisor teatri \/ Mitrovica e Veriut<\/li>\n\n\n\n<li>Ljubomir Pantoviq \/ avokat \/ Mitrovica e Veriut<\/li>\n\n\n\n<li>Prof. Nebojsha R. Mitiq PhD \/ profesor n\u00eb Fakultetin e Mjek\u00ebsis\u00eb t\u00eb UP-s\u00eb \/ Mitrovica e Veriut<\/li>\n\n\n\n<li>Prof. Bilana Jarediq PhD \/ Zve\u00e7an<\/li>\n\n\n\n<li>Mom\u00e7illo Trajkoviq \/ kryetar i Forumit Komb\u00ebtar Serb \/ Gra\u00e7anic\u00eb<\/li>\n\n\n\n<li>Prim. dr. Zvonko Radosavleviq \/ kirurg \/ Leposaviq<\/li>\n\n\n\n<li>Profesor Igor Damjanoviq PhD \/ profesor i dram\u00ebs, Fakulteti i Arteve i UP-s\u00eb \/ Beograd, i zhvendosur<\/li>\n\n\n\n<li>Aleksandar Arsenijeviq \/ kryetar i Iniciativ\u00ebs Qytetare Mbijetesa Serbe \/ Zve\u00e7an<\/li>\n\n\n\n<li>Radmila Kapetanoviq \/ Rrethi i motrave serbe \/ Zubin Potok<\/li>\n\n\n\n<li>Jasmina Zhivkoviq Jovanoviq \/ Shoqata e familjeve t\u00eb personave t\u00eb zhdukur &#8211; Sht\u00ebrpce<\/li>\n\n\n\n<li>Goran Avramoviq \/ redaktor RTV Kim \/ Gra\u00e7anica<\/li>\n\n\n\n<li>Predrag Milkoviq \/ avokat \/ Mitrovica e Veriut<\/li>\n\n\n\n<li>Zorica Vorgu\u00e7iq \/ redaktore RTV Kim \/ Gra\u00e7anica<\/li>\n\n\n\n<li>Darko Dimitrijeviq \/ redaktor Radio Gorazhdeci \/ Gorazhdec<\/li>\n\n\n\n<li>Angjellka Qup \/ gazetare \/ Gra\u010danica&nbsp;<\/li>\n\n\n\n<li>Ivan Nikolliq \/ CSD \/ Gra\u00e7anica<\/li>\n\n\n\n<li>Ruzhica Simiq \/ T\u00eb drejtat e gruas \/ Mitrovica e Veriut<\/li>\n\n\n\n<li>Marko Jakshiq \/ Bachelor n\u00eb juridik dhe aktivist politik \/ Mitrovica e Veriut<\/li>\n\n\n\n<li>Sasha Llazareviq Kudra \/ solist vokal \/ Zubin Potok<\/li>\n\n\n\n<li>Ana Marija Ivkoviq \/ gazetare Alternativna \/ Zve\u00e7an<\/li>\n\n\n\n<li>Millosh Subotiq \/ Bachelor n\u00eb juridik \/ Mitrovica e Veriut<\/li>\n\n\n\n<li>Stefan Velkoviq \/ aktivist social dhe politik \/ Mitrovica e Veriut<\/li>\n\n\n\n<li>Marko Millenkoviq \/ Iniciativa e Re Sociale \/ Leposaviq<\/li>\n\n\n\n<li>Ivan Vu\u00e7koviq \/ gazetar \/ Leposaviq<\/li>\n\n\n\n<li>Stefan Kalaba \/ inxhinier i pylltaris\u00eb \/ Zve\u00e7an<\/li>\n\n\n\n<li>Nenad Maksimoviq \/ Qendra p\u00ebr Paqe dhe Toleranc\u00eb \/ Gra\u00e7anic\u00eb<\/li>\n\n\n\n<li>Aleksandar Rapajiq \/ Dialogu Nansen \/ Mitrovica e Veriut<\/li>\n\n\n\n<li>Milica Radovanoviq \/ Iniciativa e Re Sociale \/ Mitrovica e Veriut<\/li>\n\n\n\n<li>Rajko Jovanoviq \/ Qendra p\u00ebr Dialog Social \/ Gra\u00e7anic\u00eb<\/li>\n\n\n\n<li>Aleksandar Velliq \/ Qendra p\u00ebr Dialog Social \/ Gra\u00e7anic\u00eb<\/li>\n\n\n\n<li>Vlladimir Radosavljeviq \/ profesor \/ Leposaviq<\/li>\n\n\n\n<li>Millan Dobriq \/ dizajner grafik \/ Mitrovica e Veriut<\/li>\n\n\n\n<li>Danillo Gjuriq \/ instruktor i ngjitjes \/ Osojane&nbsp;<\/li>\n\n\n\n<li>Jellena Jevremoviq \/ profesoresh\u00eb \/ Leposaviq<\/li>\n\n\n\n<li>Bojana Manitasheviq \/ Qendra p\u00ebr Dialog Social \/ Gra\u00e7anic\u00eb<\/li>\n\n\n\n<li>Nevena Radosavljeviq \/ aktiviste dhe studiuese e paqes \/ Leposaviq<\/li>\n\n\n\n<li>Suzana Vukashinoviq \/ menaxhere financiare \/ Llapllasell\u00eb<\/li>\n\n\n\n<li>Mlladena Vukashinoviq \/ Llapllasell\u00eb<\/li>\n\n\n\n<li>Velko Samarxhiq\/ Qendra p\u00ebr Iniciativa Sociale \/ Pej\u00eb<\/li>\n\n\n\n<li>Bilana Stankoviq \/ Llapllasell\u00eb<\/li>\n\n\n\n<li>Aleksandar Tanaskoviq \/ Eco Lepo \/ Leposaviq<\/li>\n\n\n\n<li>Vlladan Paviq \/ mjesht\u00ebr i z\u00ebrit Teatri Komb\u00ebtar i Prishtin\u00ebs n\u00eb Gra\u00e7anic\u00eb \/ Mitrovica e Veriut<\/li>\n\n\n\n<li>Vlladisllav Gjerkoviq \/ Administrata e Teatrit Komb\u00ebtar t\u00eb Prishtin\u00ebs n\u00eb Gra\u00e7anic\u00eb \/ Leposaviq<\/li>\n\n\n\n<li>Isidora Todoroviq \/ studente e let\u00ebrsis\u00eb bot\u00ebrore \/ Mitrovica e Veriut<\/li>\n\n\n\n<li>Nebojsha Gjorgjeviq \/ aktor n\u00eb Teatrin Komb\u00ebtar t\u00eb Prishtin\u00ebs n\u00eb Gra\u00e7anic\u00eb \/ Valjev\u00eb, i zhvendosur<\/li>\n\n\n\n<li>Ivana Simiq \/ organizatore n\u00eb Teatrin Komb\u00ebtar t\u00eb Prishtin\u00ebs n\u00eb Gra\u00e7anic\u00eb\/ Beograd, i zhvendosur<\/li>\n\n\n\n<li>Verica Neshoviq \/ Bachelor n\u00eb ekonomi \/ Leposaviq<\/li>\n\n\n\n<li>Verka Jovanoviq \/ sektori privat \/ Leposaviq<\/li>\n\n\n\n<li>Sllobodan Pejanoviq \/ Master n\u00eb histori \/ Leposaviq<\/li>\n\n\n\n<li>Gordana Gjoriq \/ Shoqata e grave sip\u00ebrmarr\u00ebse Avenija \/ Gra\u00e7anica<\/li>\n\n\n\n<li>Angjela Millosavljeviq \/ Bachelor n\u00eb shkenca farmaceutike \/ Leposaviq<\/li>\n\n\n\n<li>Ivan Millosavljeviq \/ Bachelor n\u00eb shkenca t\u00eb informacionit \/ Leposaviq<\/li>\n\n\n\n<li>Nenad Jovanoviq \/ sip\u00ebrmarr\u00ebs \/ Leposaviq<\/li>\n\n\n\n<li>Srgjan Simonoviq \/ Qendra Humane Mitrovica \/ Mitrovica e Veriut<\/li>\n\n\n\n<li>Verolub Petroniq \/ Qendra Humane Mitrovica \/ Mitrovica e Veriut<\/li>\n\n\n\n<li>Dejan Nedelkoviq \/ OJQ Zemra e gjelb\u00ebr \/ Mitrovica e Veriut<\/li>\n\n\n\n<li>Miodrag Andriq \/ inxhinier organizativ n\u00eb pension \/ Zubin Potok<\/li>\n\n\n\n<li>Vesna Jovanoviq \/ profesoresh\u00eb e gjuh\u00ebs dhe let\u00ebrsis\u00eb serbe \/ Partesh<\/li>\n\n\n\n<li>Ruzhica Llukiq \/ m\u00ebsimdh\u00ebn\u00ebse n\u00eb pension \/ Partesh<\/li>\n\n\n\n<li>Dobrivoje Jovanoviq \/ m\u00ebsimdh\u00ebn\u00ebs n\u00eb pension \/ Partesh<\/li>\n\n\n\n<li>Olliver Vujoviq \/ Forumi p\u00ebr bashk\u00ebpunim dhe shoq\u00ebri multietnike \/ Gra\u00e7anic\u00eb<\/li>\n\n\n\n<li>Millivoje Rai\u00e7eviq \/ Master n\u00eb administrat\u00eb publike \/ Mitrovica e Veriut<\/li>\n\n\n\n<li>Nikolla Todiq \/ Iniciativa e Re Sociale \/ Leposaviq<\/li>\n\n\n\n<li>Sllobodan Stoshiq \/ ACDC \/ Mitrovica e Veriut<\/li>\n\n\n\n<li>Vlladan Trifiq \/ Instituti p\u00ebr hulumtime publike \/ Gra\u00e7anic\u00eb<\/li>\n\n\n\n<li>Ivana Millosavleviq \/ Shoqata e familjeve t\u00eb personave t\u00eb zhdukur &#8211; Sht\u00ebrpce<\/li>\n\n\n\n<li>Jovana Cvetniq \/ gazetare e diplomuar \/ Zubin Potok<\/li>\n\n\n\n<li>Sasha Illiq \/ Qendra p\u00ebr Paqe dhe Toleranc\u00eb \/ Gra\u00e7anic\u00eb<\/li>\n\n\n\n<li>Nemanja Nestoroviq \/ profesor i gjuh\u00ebs dhe let\u00ebrsis\u00eb angleze \/ Mitrovica e Veriut<\/li>\n\n\n\n<li>Ivan Stojkoviq \/ organizator n\u00eb Teatrin Komb\u00ebtar t\u00eb Prishtin\u00ebs n\u00eb Gra\u00e7anic\u00eb \/ Beograd, i zhvendosur<\/li>\n\n\n\n<li>Sllagjana Kostiq \/ Bachelor n\u00eb ekonomi \/ Zubin Potok<\/li>\n\n\n\n<li>Urosh Branoviq \/ sip\u00ebrmarr\u00ebs \/ Leposaviq<\/li>\n\n\n\n<li>Igor Dashiq \/ punonj\u00ebs social \/ Zve\u00e7an<\/li>\n\n\n\n<li>Ollivera Manojlloviq \/ profesoresh\u00eb e gjuh\u00ebs serbe \/ Zubin Potok<\/li>\n\n\n\n<li>Marko Radojeviq \/ profesor i biologjis\u00eb \/ Zubin Potok<\/li>\n\n\n\n<li>\u00c7asllav Tomoviq \/ inxhinier i teknologjis\u00eb \/ Veli Breg, Zubin Potok<\/li>\n\n\n\n<li>Boban Petroviq \/ profesor \/ Gra\u00e7anic\u00eb<\/li>\n\n\n\n<li>Millena Kasalloviq \/ profesoresh\u00eb e gjuh\u00ebs serbe \/ Zubin Potok<\/li>\n\n\n\n<li>Olliver Vezmar \/ inxhinier elektrik \/ Zubin Potok<\/li>\n\n\n\n<li>Lubisha Mija\u00e7iq \/ arkitekt inxhinier \/ Zubin Potok<\/li>\n\n\n\n<li>Bojana Vukadinoviq \/ Master n\u00eb psikologji \/ Mitrovica e Veriut<\/li>\n\n\n\n<li>Nemanja Jovanoviq \/ profesor i IT-s\u00eb \/ Zubin Potok<\/li>\n\n\n\n<li>Natasha Trifunoviq \/ arkitekte inxhiniere \/ Zubin Potok<\/li>\n\n\n\n<li>Dragana Dobrosavleviq \/ Shoqata e familjeve t\u00eb personave t\u00eb zhdukur &#8211; Sht\u00ebrpce<\/li>\n\n\n\n<li>Martin Alleksiq \/ profesor i matematik\u00ebs \/ Zubin Potok<\/li>\n\n\n\n<li>Dushan Bazoviq \/ student i mjek\u00ebsis\u00eb \/ Mitrovica e Veriut<\/li>\n\n\n\n<li>Zoran Milliq \/ profesor i matematik\u00ebs \/ Zubin Potok<\/li>\n\n\n\n<li>Nikolla Spasojeviq \/ profesor i matematik\u00ebs \/ Zubin Potok<\/li>\n\n\n\n<li>Sanja Krtiniq \/ aktiviste qytetare, pedagoge \/ Mitrovica e Veriut<\/li>\n\n\n\n<li>Bojana Milletiq \/ profesoresh\u00eb e biologjis\u00eb \/ Zubin Potok<\/li>\n\n\n\n<li>Sonja Bozhoviq \/ profesoresh\u00eb e gjuh\u00ebs serbe \/ Zubin Potok<\/li>\n\n\n\n<li>Danijella Millosavleviq\/ profesoresh\u00eb e gjuh\u00ebs serbe \/ Mitrovica e Veriut<\/li>\n\n\n\n<li>Radosava Gjorgjeviq \/ profesoresh\u00eb e kimis\u00eb \/ Zubin Potok<\/li>\n\n\n\n<li>Dragica Popoviq \/ doktor i mjek\u00ebsis\u00eb \/ Mitrovica e Veriut<\/li>\n\n\n\n<li>Dragica Tomoviq \/ profesoresh\u00eb e sociologjis\u00eb \/ Zubin Potok<\/li>\n\n\n\n<li>Sllagjana Vulloviq \/ profesoresh\u00eb \/ Zubin Potok<\/li>\n\n\n\n<li>Natasha Bjellica \/ profesoresh\u00eb e gjuh\u00ebs dhe let\u00ebrsis\u00eb angleze \/ Mitrovica e Veriut<\/li>\n\n\n\n<li>Aleksandra Saviq \/ profesoresh\u00eb e gjeografis\u00eb \/ Zubin Potok<\/li>\n\n\n\n<li>Zllatko Stojanoviq \/ Llapllasell\u00eb<\/li>\n\n\n\n<li>Milan Bozhoviq \/ Bachelor n\u00eb ekonomi \/ Zubin Potok<\/li>\n\n\n\n<li>Millosh Mitroviq \/ profesor i gjuh\u00ebs fr\u00ebnge \/ Zubin Potok<\/li>\n\n\n\n<li>Marija Trikosh \/ profesoresh\u00eb e gjeografis\u00eb \/ Mitrovica e Veriut<\/li>\n\n\n\n<li>Sanja Sovrlliq \/ gazetare \/ Leposaviq<\/li>\n\n\n\n<li>Nedeljko Mija\u00e7iq \/ pensionist \/ Zubin Potok&nbsp;<\/li>\n\n\n\n<li>Vasillije Markoviq \/ inxhinier elektrik n\u00eb pension \/ Zubin Potok<\/li>\n\n\n\n<li>Sllagjana Vukashinoviq \/ Llapllasell\u00eb<\/li>\n\n\n\n<li>Gjorgje Jelliq \/ elektrotenik i kompjuterit \/ Zubin Potok<\/li>\n\n\n\n<li>Aleksandar Arsiq \/ inxhinier elektrik \/ Mitrovica e Veriut<\/li>\n\n\n\n<li>Dragisha Kostiq \/ InTER \/ Zubin Potok<\/li>\n\n\n\n<li>Ana Qup Markovi\u0107 \/ gazetare Gra\u010danica Online dhe Prva TV \/ Gra\u00e7anic\u00eb<\/li>\n\n\n\n<li>Bojan Millosavljevi\u0107 \/ Aksioni p\u00ebr Zhvillim Social dhe Ekonomik \/ Leposaviq<\/li>\n\n\n\n<li>Branisllav Vasoviq \/ Qendra Kulturore Rinore \/ Leposaviq<\/li>\n\n\n\n<li>Mirjana Obradoviq \/ pensioniste \/ Zubin Potok<\/li>\n\n\n\n<li>Jelena Prica \/ pun\u00ebtore e administrat\u00ebs tatimore \/ Mitrovica e Veriut<\/li>\n\n\n\n<li>Millica Prica \/ filologe dhe dizajnere \/ Mitrovica e Veriut<\/li>\n\n\n\n<li>Marija Simunoviq \/ inxhiniere bujq\u00ebsore \/ Zubin Potok<\/li>\n\n\n\n<li>Anastasija Rakiq \/ inxhiniere bujq\u00ebsore \/ Zubin Potok<\/li>\n\n\n\n<li>Vasilka Voinoviq \/ Svet an\u0111ela \/ Mitrovica e Veriut<\/li>\n\n\n\n<li>Marija Millenkoviq \/ InTER \/ Zubin Potok<\/li>\n\n\n\n<li>Katarina Millosavleviq \/ studente \/ Rudar i Madh, Zve\u00e7an<\/li>\n\n\n\n<li>Aleksandra Fiqoviq \/ studente \/ Rudar i Madh, Zve\u00e7an<\/li>\n\n\n\n<li>Dobrinka Obradovi\u0107 \/ Teknik nd\u00ebrtimi \/ Zubin Potok&nbsp;<\/li>\n\n\n\n<li>Mishell Koneski \/ Master n\u00eb menaxhment nd\u00ebrkomb\u00ebtar\/ Leposaviq<\/li>\n\n\n\n<li>Millica Millenkoviq \/ inxhiniere nd\u00ebrtimi \/ Zubin Potok<\/li>\n\n\n\n<li>Sasha Jovanoviq \/ Shoqata e familjeve t\u00eb personave t\u00eb zhdukur &#8211; Sht\u00ebrpce<\/li>\n\n\n\n<li>Verica Mija\u00e7iq \/ profesoresh\u00eb e edukat\u00ebs qytetare \/ Zubin Potok<\/li>\n\n\n\n<li>Millica Markoviq \/ profesoresh\u00eb e biologjis\u00eb \/ Zubin Potok<\/li>\n\n\n\n<li>Zorica Stankoviq \/ amvise \/ Partesh<\/li>\n\n\n\n<li>Dragana Viqentijeviq \/ profesoresh\u00eb e kimis\u00eb \/ Zubin Potok<\/li>\n\n\n\n<li>Andrijana Vllashkoviq \/ Bachelor n\u00eb ekonomi \/ Zubin Potok<\/li>\n\n\n\n<li>Snezhana Periq Bogdanoviq \/ koordinatore e projektit \/ Gra\u00e7anica<\/li>\n\n\n\n<li>Aleksandar Ratkoviq \/ inxhinier i arkitektur\u00ebs \/ Mitrovica e Veriut<\/li>\n\n\n\n<li>Danillo Radoviq \/ inxhinier profesional specialist i informatik\u00ebs dhe shkencave kompjuterike \/ Mitrovica e Veriut<\/li>\n\n\n\n<li>Mirjana Bojoviq \/ Bachelor n\u00eb juridik \/ Mitrovica e Veriut<\/li>\n\n\n\n<li>Radolub Jakshiq \/ elektricist i impianteve \/ Zubin Potok<\/li>\n\n\n\n<li>Millena Dabetiq \/ psikologe, Certifikat\u00eb evropiane n\u00eb psikoterapi \/ Mitrovica e Veriut<\/li>\n\n\n\n<li>Nikollina Kllajiq \/ studente e shkencave politike \/ Mitrovica e Veriut<\/li>\n\n\n\n<li>Marina Millentijeviq \/ studente e gazetaris\u00eb \/ Zve\u00e7an<\/li>\n\n\n\n<li>Vladislav Qup \/ punonj\u00ebs mediatik \/Gr\u00e7anic\u00eb<\/li>\n\n\n\n<li>Millena Maksimoviq \/ pun\u00ebtore mediatike \/ Radev\u00eb<\/li>\n\n\n\n<li>Milladin Kostiq \/ pensionist \/ Zubin Potok<\/li>\n\n\n\n<li>Dimitrije Mirkoviq \/ pun\u00ebtor mediatik \/ Llapllasell\u00eb<\/li>\n\n\n\n<li>Zorica Obradoviq \/ studente \/ Zubin Potok<\/li>\n\n\n\n<li>Nikolla Millosavleviq \/ punonj\u00ebs mediatik \/ Gra\u00e7anic\u00eb<\/li>\n\n\n\n<li>Nenad Cvetniq \/ teknik mjek\u00ebsor \/ Zubin Potok<\/li>\n\n\n\n<li>Bozhidarka Zhivkoviq \/ Shoqata e familjeve t\u00eb personave t\u00eb zhdukur &#8211; Sht\u00ebrpce<\/li>\n\n\n\n<li>Dragan Peshakoviq \/ inxhinier nd\u00ebrtimi \/ Leposaviq<\/li>\n\n\n\n<li>Sun\u00e7ica Andrejeviq \/ fotoreportere Alternativna \/ Uglar\u00eb &#8211; Fush\u00eb Kosov\u00eb<\/li>\n\n\n\n<li>Marina Bozhoviq \/ profesoresh\u00eb e gjeografis\u00eb \/ Zubin Potok<\/li>\n\n\n\n<li>Vllado Vukomanoviq \/ teknik i ekonomis\u00eb\/ Zubin Potok<\/li>\n\n\n\n<li>Nemanja Bozhoviq\/ Bachelor n\u00eb pedagogji \/ Mitrovica e Veriut<\/li>\n\n\n\n<li>Vesna Kostiq \/ edukatore e kopshtit, pedagoge \/ Zubin Potok<\/li>\n\n\n\n<li>Violleta Marinkoviq \/ Bachelor n\u00eb ekonomi \/ Zubin Potok<\/li>\n\n\n\n<li>Nemanja Obradoviq \/ inxhinier i elektroteknik\u00ebs dhe informatik\u00ebs \/ Zubin Potok<\/li>\n\n\n\n<li>Andrija Igi\u0107 \/ novinar, dopisnik RTS \/ Pristina<\/li>\n\n\n\n<li>Vesna Staji\u0107&nbsp; \/ strukovni menad\u017eer \/ Novo Brdo<\/li>\n\n\n\n<li>Dragan Bo\u017eovi\u0107 \/ diplomirani in\u017eenjer \/ Zubin Potok<\/li>\n\n\n\n<li>Vladimir \u017divkovi\u0107\/ in\u017eenjer elektrotehnike i gra\u0111anski aktivista, Gra\u010danica<\/li>\n<\/ol>\n","protected":false},"excerpt":{"rendered":"<p>APEL P\u00cbR PAQE\u00a0 T\u00eb brengosur thell\u00eb p\u00ebr veprimet represive dhe agresive t\u00eb Qeveris\u00eb s\u00eb Kosov\u00ebs dhe sjelljen e forcave speciale t\u00eb policis\u00eb n\u00eb veri t\u00eb Kosov\u00ebs, t\u00eb cilat mund t\u00eb eskalojn\u00eb deri n\u00eb pasoja t\u00eb paparashikueshme p\u00ebr paqen dhe sigurin\u00eb e qytetar\u00ebve dhe t\u00eb cenojn\u00eb&#8230;<\/p>\n","protected":false},"author":6,"featured_media":0,"parent":0,"comment_status":"open","ping_status":"closed","template":"","meta":{"_links_to":"","_links_to_target":""},"categories":[],"class_list":["post-32015","statement","type-statement","status-publish","hentry"],"acf":[],"_links":{"self":[{"href":"https:\/\/newsocialinitiative.org\/sq\/wp-json\/wp\/v2\/statement\/32015","targetHints":{"allow":["GET"]}}],"collection":[{"href":"https:\/\/newsocialinitiative.org\/sq\/wp-json\/wp\/v2\/statement"}],"about":[{"href":"https:\/\/newsocialinitiative.org\/sq\/wp-json\/wp\/v2\/types\/statement"}],"author":[{"embeddable":true,"href":"https:\/\/newsocialinitiative.org\/sq\/wp-json\/wp\/v2\/users\/6"}],"replies":[{"embeddable":true,"href":"https:\/\/newsocialinitiative.org\/sq\/wp-json\/wp\/v2\/comments?post=32015"}],"version-history":[{"count":2,"href":"https:\/\/newsocialinitiative.org\/sq\/wp-json\/wp\/v2\/statement\/32015\/revisions"}],"predecessor-version":[{"id":32105,"href":"https:\/\/newsocialinitiative.org\/sq\/wp-json\/wp\/v2\/statement\/32015\/revisions\/32105"}],"wp:attachment":[{"href":"https:\/\/newsocialinitiative.org\/sq\/wp-json\/wp\/v2\/media?parent=32015"}],"wp:term":[{"taxonomy":"category","embeddable":true,"href":"https:\/\/newsocialinitiative.org\/sq\/wp-json\/wp\/v2\/categories?post=32015"}],"curies":[{"name":"wp","href":"https:\/\/api.w.org\/{rel}","templated":true}]}}